{"id":20,"date":"2016-11-28T10:38:41","date_gmt":"2016-11-28T09:38:41","guid":{"rendered":"http:\/\/damienreynaud.fr\/?page_id=20"},"modified":"2025-02-15T11:57:05","modified_gmt":"2025-02-15T10:57:05","slug":"parcours","status":"publish","type":"page","link":"https:\/\/damienreynaud.fr\/?page_id=20","title":{"rendered":"parcours"},"content":{"rendered":"<p><img loading=\"lazy\" decoding=\"async\" class=\"wp-image-82 aligncenter\" src=\"http:\/\/damienreynaud.fr\/wp-content\/uploads\/2016\/11\/portrait-accueil-300x169.jpg\" alt=\"\" width=\"581\" height=\"327\" srcset=\"https:\/\/damienreynaud.fr\/wp-content\/uploads\/2016\/11\/portrait-accueil-300x169.jpg 300w, https:\/\/damienreynaud.fr\/wp-content\/uploads\/2016\/11\/portrait-accueil-768x432.jpg 768w, https:\/\/damienreynaud.fr\/wp-content\/uploads\/2016\/11\/portrait-accueil.jpg 1000w\" sizes=\"(max-width: 581px) 100vw, 581px\" \/><\/p>\n\n\n<p><strong>Fac\u00e9tie du style<\/strong><\/p>\n\n\n\n<p>Dans un monde qui bouge vite, parfois impr\u00e9visible, peut-on parler toujours de la m\u00eame chose, de la m\u00eame mani\u00e8re, et comment mettre en forme les signes en mouvement de son langage&nbsp;?<\/p>\n\n\n\n<p>Je ne sais pas le dire de mani\u00e8re uniforme. Ma d\u00e9marche dessine plut\u00f4t un zigzag multiprise qu\u2019une conduite lin\u00e9aire progressive. Elle rev\u00eat donc un aspect discontinu, invers\u00e9, elliptique ou h\u00e9t\u00e9rog\u00e8ne.<\/p>\n\n\n\n<p>C\u2019est dans cet \u00e9tat d\u2019esprit, celui d\u2019une <em>Fac\u00e9tie du style<\/em>, que je d\u00e9finis mon identit\u00e9. J\u2019ai refus\u00e9 d\u2019adopter un style unique qui serait ma ligne de conduite artistique, et que je r\u00e9p\u00e9terais \u00e0 la fois comme un proc\u00e9d\u00e9 cr\u00e9atif et comme une marque de fabrique. Je pr\u00e9f\u00e8re lui \u00e9chapper pour \u00e9chapper aux cloisonnements et aux injonctions ext\u00e9rieures, pour me surprendre ou d\u00e9classer la primeur du projet artistique. Changer de style s\u2019est impos\u00e9 \u00e0 moi comme mani\u00e8re ou attitude, en rapport avec les changements et les chamboulements du r\u00e9el. Je n\u2019ai donc pas d\u2019autre projet artistique durable, que celui de mettre \u00e0 l\u2019\u00e9preuve les disruptions de style n\u00e9cessaires face aux carambolages du monde.<\/p>\n\n\n\n<p>En somme, mon travail repose sur l\u2019expression de formes multiples, soit \u00e0 l\u2019int\u00e9rieur d\u2019une m\u00eame pi\u00e8ce, soit entre diff\u00e9rents travaux ou diff\u00e9rentes s\u00e9ries.<\/p>\n\n\n\n<p><strong>PARCOURS<\/strong><\/p>\n\n\n\n<p><\/p>\n\n\n\n<p><\/p>\n\n\n\n<p>Formation \u00e0 l\u2019\u00c9cole Sup\u00e9rieure des Beaux Arts de Caen et \u00e0 l&rsquo;universit\u00e9 Paris 1 Panth\u00e9on-Sorbonne en histoire de l&rsquo;art et en philosophie de l&rsquo;art. Vit et travaille \u00e0 Cherbourg et \u00e0 Avignon.<\/p>\n\n\n\n<p><strong>ALIMENTATION FANT\u00d4ME<\/strong>, r\u00e9sidence artistique espace des communs du ch\u00e2teau des Ravalet, invit\u00e9 par Charlotte Guinot-Baco et Barbara Hirard, ville de Cherbourg, pratiques de captations graphiques et sonores, du 4 janvier au 18 mai 2025.<\/p>\n\n\n\n<p><strong>L&rsquo;ESSAI EN PLAN<\/strong>, sur une invitation et une proposition de Olivier Umhauer, \u00ab\u00a0on a tous un essai sur la vie, plus ou moins vite laiss\u00e9 en plan (&#8230;) Un croquis sans suite. Un prometteur trait d&rsquo;esprit. Voire <em>juste un truc comme \u00e7a en passant<\/em>. (&#8230;) De ces manifestations individuelles de la bonne volont\u00e9 fugace, il reste bien s\u00fbr peu d&rsquo;\u00e9l\u00e9ments dans la m\u00e9moire collective.\u00a0\u00bb Pour rem\u00e9dier \u00e0 ces essais rest\u00e9s en plan, cette exposition collective pr\u00e9sente \u00ab\u00a0des \u0153uvres en chantier, inachev\u00e9es ou sans lendemain\u00a0\u00bb. Avec \u00ab\u00a0Au hasard des pneumatiques\u00a0\u00bb, une s\u00e9rie de dessins pendulaires automobiles sur papier millim\u00e9tr\u00e9, je pr\u00e9sente un projet continu, r\u00e9p\u00e9tant depuis 1989 un m\u00eame proc\u00e9d\u00e9 de trac\u00e9s hasardeux, d\u00e9pendant de la vitesse, de la direction, des freins et de la distance parcourue, constituant un \u00ab\u00a0laisser en plan\u00a0\u00bb permanent, jamais expos\u00e9. Hall d&rsquo;exposition MJC Cherbourg, du 6 d\u00e9cembre 2024 au 1er f\u00e9vrier 2025.<\/p>\n\n\n\n<p><strong>SEMAINE DES \u00c9DITIONS D&rsquo;ART<\/strong>, invit\u00e9 par Patrick Roussel, foire \u00e0 l&rsquo;\u00e9dition d&rsquo;art de l&rsquo;Artoth\u00e8que de Caen et Impressions Multiples ESAM Caen, Les \u00c9curies de Logre\/Amavada, pr\u00e9sentation des livres et digigraphies en \u00e9dition limit\u00e9e, association \u00e9ditionslesm\u00e9t\u00e9ores, les 7 et 8 d\u00e9cembre 2024.<\/p>\n\n\n\n<p><em><strong>Y A QUELQU&rsquo;UN ?<\/strong><\/em>  Invit\u00e9s par l&rsquo;espace librairie du mus\u00e9e d&rsquo;art de Pully, l&rsquo;\u00e9dition du texte de Serpentine Teyssier \u00e0 partir de l\u2019\u0153uvre de Fernand Teyssier, par l&rsquo;association \u00e9ditionslesm\u00e9t\u00e9ores, a \u00e9t\u00e9 pr\u00e9sent\u00e9e dans le cadre de l&rsquo;exposition \u00ab\u00a0Figuration narrative, Un autre langage pop\u00a0\u00bb, Fondation Gandur pour l&rsquo;art Gen\u00e8ve, au mus\u00e9e d&rsquo;art de Pully, du 13 septembre au 15 d\u00e9cembre 2024.<\/p>\n\n\n\n<p><strong>HOMMAGES<\/strong>, invit\u00e9 par Olivier Umhauer, exposition collective, MJC de Cherbourg, du 8 janvier au 20 f\u00e9vrier 2024. \u00ab\u00a0Le critique litt\u00e9raire et moraliste fran\u00e7ais, Vauvenargues, l&rsquo;exquis marquis d&rsquo;Aix, \u00e9crivait <em>C&rsquo;est un grand signe de m\u00e9diocrit\u00e9 de louer toujours mod\u00e9r\u00e9ment.<\/em> La MJC en ce d\u00e9but d&rsquo;ann\u00e9e 2024 vous offre de louer au plus juste, de louer au mieux, voire avec exc\u00e8s. Louer qui ? Louer quoi ? Vous en d\u00e9ciderez librement -d&rsquo;une mani\u00e8re ou d&rsquo;une autre- en participant \u00e0 l&rsquo;exposition au titre explicite Hommages\u00a0\u00bb. Mon hommage au t\u00e9ton avec 3 pi\u00e8ces de la s\u00e9rie <em>Blob, t\u00e9ton, chair de poule et autres incarnats (peaux)<\/em>.<\/p>\n\n\n\n<p><strong>SEMAINE DE L\u2019\u00c9DITION D&rsquo;ART, SALON DE L\u2019\u00c9DITION D&rsquo;ART<\/strong>, invit\u00e9 par Patrick Roussel au salon de l&rsquo;\u00e9dition d&rsquo;art \u00e0 la BIBI AMAVADA, organis\u00e9 par l&rsquo;ESAM de Caen et l&rsquo;Artoth\u00e8que de caen, le 2 d\u00e9cembre 2023, et invit\u00e9 par Eudeline Poutas au salon de l&rsquo;\u00e9dition d&rsquo;art, organis\u00e9 par La Moulinette au Centre d&rsquo;Art \u00c9diteur du Point du Jour, Cherbourg, les 9 et 10 d\u00e9cembre 2023. Pr\u00e9sentation des publications, livres et digigraphies, en \u00e9dition limit\u00e9e et num\u00e9rot\u00e9e des <a href=\"https:\/\/damienreynaud.fr\/?page_id=1581\">\u00e9ditionslesm\u00e9t\u00e9ores<\/a>, <em>Saisi<\/em> de Gilles Lehericey et Damien Reynaud, <em>Recouvrer l&rsquo;invu<\/em> de Evelyne Peschard et Atelier 20, <em>Dr\u00f4les d&rsquo;oiseaux<\/em> de Ivan Messac, <em>Y a quelqu&rsquo;un ?<\/em> de Serpentine Teyssier et Fernand Teyssier, <em>Les Gnouzoux<\/em> de Christophe Robe. <\/p>\n\n\n\n<p><strong>ARTEFACT (LES COULEURS INNOMMABLES)<\/strong>, invit\u00e9 par Pascal Pithois pour les 30 ans de Carted Junction 352, \u00e9dition d&rsquo;une carte postale, Coutances, 15 octobre 2023.<\/p>\n\n\n\n<p><strong>NON STOP MOTION<\/strong>, invit\u00e9 par Virginie Levavasseur et Terres d\u2019\u00c9change, 300kg d&rsquo;argile, 1440 photographies, 24h, 1 po\u00e8me (extrait de la promenade du phare de Virginia Woolf), plus de 30 artistes r\u00e9unis pour r\u00e9aliser un film image par image, Regn\u00e9ville-sur-Mer, 23 et 24 septembre 2023.<\/p>\n\n\n\n<p><strong>TEMP\u00caTE DE ROSE(S)<\/strong>, invit\u00e9 par Claudine Puget, exposition collective, \u00ab\u00a0Mon IA m&rsquo;a dit que (m\u00e9taverse du corps)\u00a0\u00bb et \u00ab\u00a0Blob, t\u00e9ton, chair de poule et autres incarnats (peaux)\u00a0\u00bb, espace d&rsquo;art La Cherche, association Chic alors, Cherbourg, 17 et 18 avril 2023.<\/p>\n\n\n\n<p><strong>EDITIONSLESMETEORES<\/strong>, cr\u00e9ation de l&rsquo;association \u00e9ditionslesm\u00e9t\u00e9ores 2022, \u00e9ditions d&rsquo;art en tirage limit\u00e9 et num\u00e9rot\u00e9, livres d&rsquo;artistes \u00e0 200 exemplaires et digigraphies d&rsquo;art \u00e0 30 exemplaires, <em>Saisi<\/em> (Gilles Lehericey) et <em>Exc\u00e8s de saisies et d&rsquo;\u00e9clats peints<\/em> (Damien Reynaud) 2023, <em>Recouvrer l&rsquo;invu<\/em> (\u00c9velyne Peschard et Atelier 20) 2023, <em>Dr\u00f4les d&rsquo;oiseaux<\/em> (Ivan Messac) 2023, <em>Y&rsquo;a quelqu&rsquo;un ?<\/em> (Serpentine Teyssier et Fernand Teyssier) 2023, <em>Les Gnouzoux<\/em> (Christophe Robe) 2023.<\/p>\n\n\n\n<p><strong>LA R\u00c9VOLTE DES FLEURS<\/strong>, exposition personnelle, invit\u00e9 par Jack-Adrien Martin, galerie La Bou\u00e9e, Cherbourg-en-Cotentin, du 15 octobre au 6 novembre 2022.<\/p>\n\n\n\n<p><strong>AU-DEL\u00c0 DES NORMALES<\/strong>, exposition personnelle, invit\u00e9 par R\u00e9gis Bodrug, dans le cadre des journ\u00e9es du patrimoine et du parcours de la quatri\u00e8me \u00e9dition du festival Itin\u00e9raire en qu\u00eate d&rsquo;artistes dans le bocage normand, Pr\u00e9-Bocage Intercom-Normandie, Chapelle Saint-Sulpice, Livry, Caumont-sur-Aure (14), du 17 au 25 septembre 2022.<\/p>\n\n\n\n<p><strong>ITIN\u00c9RAIRE EN QU\u00caTE D&rsquo;ARTISTES<\/strong>, exposition collective, Pavillons des d\u00e9territorialisations 2.0, tirages num\u00e9riques de mixages num\u00e9riques de pavillons nationaux, galerie La Teinturerie, Caen, invit\u00e9 par R\u00e9gis Bodrug, du 17 au 25 septembre 2022.<\/p>\n\n\n\n<p><strong>LES GALERIES CHROMATIQUES (<a href=\"https:\/\/pavillondesdeterritorialisations.damienreynaud.fr\/\">PAVILLON DES D\u00c9TERRITORIALISATIONS<\/a> 2.0), <\/strong><em>les couleurs n&rsquo;ont pas de fronti\u00e8res (hommage \u00e0 George F.)<\/em>, mixage et collage num\u00e9rique de drapeaux par couleur, \u00e9dition d&rsquo;une carte postale, exemplaire vert, invit\u00e9 par Pascal Pithois, Carted Junction 335, Saint-Val\u00e9ry-sur-Somme, 2020.<\/p>\n\n\n\n<p><strong>L&rsquo;IMAGE ACHEIROPO\u00cf\u00c8TE <\/strong>D\u00e9veloppement d&rsquo;une application cr\u00e9ateur d&rsquo;images, workshop d\u00e9partement G\u00e9nie \u00c9lectrique et Informatique Industrielle, IUT Cherbourg-Manche, Universit\u00e9 Caen-Normandie, 2018-2019.<\/p>\n\n\n\n<p><strong>SALON DES FAKE NEWS<\/strong> Invit\u00e9 par Alain Snyers, \u00ab\u00a0Faux pas ou l&rsquo;art consomm\u00e9 du mensonge\u00a0\u00bb, du 16 juin au 15 juillet 2018, MAC de P\u00e9rouges.<\/p>\n\n\n\n<p><strong>MYTHOGRAPHIE DES <\/strong><span style=\"font-family: Times\\ New\\ Roman, serif;\"><span style=\"font-size: large;\"><b>\u00ce<\/b><\/span><\/span><strong>LES INVERS\u00c9ES<\/strong> Fiction narrative et m\u00e9diatique, photographie, aquarelle, texte, Facebook, 2017.<\/p>\n\n\n\n<p><strong>M\u00c9LODIE DES EXISTENCES <\/strong>D\u00e9veloppement d&rsquo;une application m\u00e9langeur de vid\u00e9os et de sons, 2016 2017, workshop d\u00e9partement G\u00e9nie \u00c9lectrique et Informatique Industrielle, IUT Cherbourg-Manche, Universit\u00e9 Caen-Normandie.<\/p>\n\n\n\n<p><strong>BIOMIM\u00c9TISME DU SIGNAL RECOMPOS\u00c9 <\/strong>Dessins \u00e0 partir de photographies et de dispositifs de projection, 2016, invit\u00e9 par Fabrice Gallis, espace \u00e9ph\u00e9m\u00e8re collectif Borum, Cherbourg.<\/p>\n\n\n\n<p><strong>LE POINT DE RENCONTRE (BUREAU MOBILE DU POINT DE RENCONTRE, FABRIQUE DES PI\u00c8CES MANQUANTES)<\/strong>, cr\u00e9\u00e9 \u00e0 partir d&rsquo;une correspondance avec l&rsquo;artiste Gilbert Descossy, sculpture sociale compos\u00e9e d&rsquo;une table \u00e0 tapisser et de trois tabourets pr\u00e9caires, 2015.<\/p>\n\n\n\n<p><strong>LES FICHIERS (LES RESCAP\u00c9ES) <\/strong>Peintures, dessin, collage, s\u00e9rie de toile 100&#215;100 cm, Cherbourg, pr\u00e9sentation d\u2019atelier sur rendez-vous, 2015.<\/p>\n\n\n\n<p><strong>O\u00d9 EST L&rsquo;IMAGE VRAIE ? <\/strong>et<em><strong> M\u00c9MOIRE D&rsquo;UN NON LIEU <\/strong><\/em>Hommage \u00e0 Roland Barthes, en duo avec Serge Mauger, installation, photographies et textes dans la rue, 100 cartes postales, Cherbourg, 2015, galerie B\u00ebr, galerie Diplopie, centre de la photographie Le Point du Jour, librairie Ryst, restaurant Sophie&rsquo;s, <a href=\"http:\/\/hommagearolandbarthes.blogspot.fr\/\">http:\/\/hommagearolandbarthes.blogspot.fr<\/a><\/p>\n\n\n\n<p><strong>GOLDEN POTATOES ARCHIPEL <\/strong>Fiction narrative de la d\u00e9couverte d&rsquo;un nouvel archipel, photographie, site internet, 2015, <a href=\"http:\/\/goldenpotatoes.wix.com\/goldenpotatoes\">http:\/\/goldenpotatoes.wix.com\/goldenpotatoes<\/a><\/p>\n\n\n\n<p><strong>\u00c0 TRAVERS MES CILS SE RAPPROCHANT LES CHOSES ME KAL\u00c9IDOSCOPAIENT <\/strong>Installation, dispositif visuel, invit\u00e9 par l&rsquo;association BES, exposition collective \u00ab ann\u00e9e lumi\u00e8re 2015 \u00bb, \u00c9glise Sainte-Anne, Boulbon (13), 2 et 3 octobre 2015.<\/p>\n\n\n\n<p><strong>PAVILLON DES D\u00c9TERRITORIALISATIONS 2.0&nbsp; <\/strong>D\u00e9veloppement informatique d&rsquo;un logiciel m\u00e9langeur d&rsquo;images et de sons des pavillons et des hymnes nationaux, 2015, workshop d\u00e9partement G\u00e9nie \u00c9lectrique et Informatique Industrielle, IUT Cherbourg-Manche, Universit\u00e9 Caen-Normandie. <a href=\"https:\/\/pavillondesdeterritorialisations.damienreynaud.fr\/\">https:\/\/pavillondesdeterritorialisations.damienreynaud.fr\/<\/a><\/p>\n\n\n\n<p><strong>\u00c0 TRAVERS MES CILS SE RAPPROCHANT LES CHOSES ME KAL\u00c9IDOSCOPAIENT <\/strong>Th\u00e9\u00e2tre de Verre, Pan Total \u00ab Autour d&rsquo;un verre \u00bb, invit\u00e9 par Alain Snyers et Daniel Daligand, performance, dispositif visuel, Paris, janvier 2014.<\/p>\n\n\n\n<p><strong>PINCE MOI JE R\u00caVE <\/strong>Invit\u00e9 par Claudine Puget, exposition collective, \u00ab photographie purement imaginaire \u00bb, Pu\u00e9chabon, ao\u00fbt 2013.<\/p>\n\n\n\n<p><strong>F\u00caTE DE LA VERGE <\/strong>Dessin et peinture, le Lieu Noir, exposition collective, S\u00e8te, 8 d\u00e9cembre 2012.<\/p>\n\n\n\n<p><strong>SURVIES<\/strong>, et<strong> JE PASSE ICI&nbsp;\u00c0 C\u00d4T\u00c9 DE MON SUJET&nbsp;<\/strong> de Olivier Pr\u00e9vost, peinture, installation, texte, invit\u00e9s par C\u00e9cile Baudoncourt, atelier 66, Sarcelles-Village, avril 2012.<\/p>\n\n\n\n<p><strong>RIVO-LIT <\/strong>S\u00e9rie photographique \u00ab&nbsp;Doudou street&nbsp;\u00bb, invit\u00e9 par Alain Snyers et Daniel Daligand, au 59 rue de Rivoli, Paris, avril 2012.<\/p>\n\n\n\n<p><strong>PAVILLON DES D\u00c9TERRITORIALISATIONS n\u00b08 <\/strong>Biennale des ch\u00e2teaux de sables, r\u00e9seau Carted, Siouville, et Biennale de Venise, juillet et ao\u00fbt 2011, drapeaux, ch\u00e2teau de cartes, carte postale, images num\u00e9riques.<\/p>\n\n\n\n<p><strong>L&rsquo;ESCLAVE CAOUTCHOUC 2 <\/strong>Invit\u00e9 par Gianni Broi, hommage \u00e0 Raymond Roussel, cimeti\u00e8re du P\u00e8re Lachaise, 14 juillet 2011, Paris, performance, sculpture gonflable en chambre \u00e0 air.<\/p>\n\n\n\n<p><strong>REVUE DOCK&rsquo;S<\/strong>, participation au num\u00e9ro Jo\u00ebl Hubaut, \u00ab&nbsp;Photographie purement imagin\u00e9e&nbsp;\u00bb n\u00b01 (photographie num\u00e9rique) et l&rsquo;Esclave Caoutchouc n\u00b01 (vid\u00e9o), 2011.<\/p>\n\n\n\n<p><strong>IN THE SKY ON THE FLOOR ON THE WATER IN THE WALL <\/strong>Le Salon, invit\u00e9 par Gilbert Descossy, dessin, peinture, photographie, installation d&rsquo;apr\u00e8s le conte de \u00ab la petite fille aux allumettes \u00bb, Paris, juin 2011.<\/p>\n\n\n\n<p><strong>CONTRE L&rsquo;OPPRESSION <\/strong>Invit\u00e9 par Gianni Broi, objets \u00e9cras\u00e9s avec ma voiture, Florence, mai 2011.<\/p>\n\n\n\n<p><strong>COMME DES B\u00caTES <\/strong>Invit\u00e9 par Claudine Puget, assemblage, installation, Pu\u00e9chabon, avril 2011.<\/p>\n\n\n\n<p><strong>L&rsquo;ESCLAVE CAOUTCHOUC 1 <\/strong>Invit\u00e9 par Gianni Broi, hommage \u00e0 Raymond Roussel, centenaire de l&rsquo;\u00e9dition d&rsquo; \u00ab Impressions d&rsquo;Afrique \u00bb, cimeti\u00e8re du P\u00e8re Lachaise, 14 juillet 2010, Paris, performance vid\u00e9o.<\/p>\n\n\n\n<p><strong>IC\u00d4NE D&rsquo;ACCUEIL <\/strong>Peinture, Le Salon, invit\u00e9 par Gilbert Descossy, Paris, 2010.<\/p>\n\n\n\n<p><strong>HOMMAGE \u00c0 YASET ET QUETTON <\/strong>Exposition r\u00e9trospective de Yaset et archive de la revue Quetton, Galerie de la Butte et salle polyvalente Chantereyne, Cherbourg, du 4 au 8 mai 2009, invitation et organisation de l&rsquo;exposition dans le cadre du Congr\u00e8s National du syndicat Sud-\u00c9ducation.<\/p>\n\n\n\n<p><strong>BIENNALE 3000 <\/strong>Invit\u00e9 par Fred Forest, fichiers num\u00e9riques, Mus\u00e9e d&rsquo;art contemporain de Sao Paulo, 2008.<\/p>\n\n\n\n<p><strong>LE TEMPS RETROUV\u00c9 <\/strong>Exposition collective, hommage \u00e0 Marcel Proust, \u00ab Les Cicatrices \u00bb, Grand H\u00f4tel de Cabourg, invit\u00e9 par Pierre-St\u00e9phane Proust, Cabourg, juillet 2008, photographie.<\/p>\n\n\n\n<p><strong>L\u2019ART \u00c0 20 BALLES <\/strong><a href=\"http:\/\/www.interface-art.com\/lart-a-20-balles-patrice-ferrari-esox-lucius\/#!\">Exposition collective<\/a>, invit\u00e9 par Patrice Ferrari, Galerie des grands bains douches de la plaine, Marseille, d\u00e9cembre 2003 janvier 2004.<\/p>\n\n\n\n<p><strong>DANS LA S\u00c9RIE DES ANN\u00c9ES 2000, LA FOLIE DES GRANDEURS, UN TRAVAIL SUR TERRE <\/strong>Performances depuis 2000, consistant \u00e0 faire acte de candidature dans la recherche de travail pour un artiste (documents, photographies, dessins, tracts,&#8230;), fr\u00e9quence irr\u00e9guli\u00e8re et inachev\u00e9e.<\/p>\n\n\n\n<p><strong>D\u00c9TERRITORIALISATION \u00c0 LA PETITE CUILL\u00c8RE&nbsp; <\/strong>Action de voyage depuis 1999 : d\u00e9placements ill\u00e9gaux des terres par \u00eelot (kit avec petite cuill\u00e8re et petit pot en verre).<\/p>\n\n\n\n<p><strong>LES MEILLEURES RAISONS DU MONDE<\/strong>, s\u00e9rigraphies rehauss\u00e9es \u00e0 l&rsquo;acrylique, groupe PAPIER PEINT (avec R\u00e9mi Breton), acquisition de quatre exemplaires uniques de la s\u00e9rie dans les collections de l&rsquo;Artoth\u00e8que de Cherbourg, 1998.<\/p>\n\n\n\n<p><strong>C\u2019EST COMME \u00c0 LA MAISON <\/strong>Exposition personnelle du groupe Papier Peint, peinture, performance, photographie, texte, Artoth\u00e8que de Cherbourg, invit\u00e9 par Dominique Paysan, septembre-octobre 1998.<\/p>\n\n\n\n<p><strong>LE CARNET ET SON PETIT TH\u00c9\u00c2TRE <\/strong>Exposition personnelle du groupe Papier peint, peinture, performance, photographie, texte, Carr\u00e9 St Vincent Sc\u00e8ne Nationale, invit\u00e9 par Alain Papet, Orl\u00e9ans, f\u00e9vrier \u00e0 avril,&nbsp; coproduction et r\u00e9alisation avec Thierry Durand d\u2019un documentaire vid\u00e9o \u00ab&nbsp;Papier Peint, le carnet et son petit th\u00e9\u00e2tre&nbsp;\u00bb, 1996.<\/p>\n\n\n\n<p><strong>COURANT D\u2019ART <\/strong>Exposition collective, photographie, Ets Elie de Brignac, Deauville, juin 1995.<\/p>\n\n\n\n<p><strong>RIQUIQUI <\/strong>Exposition collective, invit\u00e9 par Jo\u00ebl Hubaut, photographie, Galerie Satellite, Paris, d\u00e9cembre 1994.<\/p>\n\n\n\n<p><strong>PAPIER PEINT, L\u2019ATELIER \u00c0 ORL\u00c9ANS <\/strong>Exposition personnelle du groupe Papier Peint, peinture performance, Galerie Pi\u00e8ces Jointes, Orl\u00e9ans, mai 1994.<\/p>\n\n\n\n<p><strong>LES BRAS CASS\u00c9S<\/strong> R\u00e9sidence et exposition avec Vincent Julliard, invit\u00e9s par Marie-Claude Isabeth, dessins avec la bouche, bouquet de fleurs et table de nuit d&rsquo;h\u00f4pital, workshop coll\u00e8ge des Provinces, Octeville, novembre d\u00e9cembre 1993.<\/p>\n\n\n\n<p><strong>PAPIER PEINT D\u00c9BARQUE \u00c0 AMIENS <\/strong>Intervention, performance et photographie dans la ville, workshop ESAD, invit\u00e9 par Alain Snyers, Amiens, juin 1993.<\/p>\n\n\n\n<p><strong>SQUATT 93 <\/strong>Exposition collective, photographie, ERBA, Cherbourg, avril 1993.<\/p>\n\n\n\n<p><strong>POLYPHONIX 27, PASSAGE et SOUVENIR DU XX\u00e8me SI\u00c8CLE <\/strong>Conception en coproduction avec la ville d\u2019\u00c9queurdreville, soir\u00e9e vid\u00e9o performance Polyphonix carte blanche \u00e0 Jo\u00ebl Hubaut, exposition collective, le Palace centre culturel Hippolyte Mars, \u00c9queurdreville, 1993.<\/p>\n\n\n\n<p><strong>IVAN MESSAC \u00ab&nbsp;AH ! LE MONDE EST DONC CETTE CHOSE&nbsp;\u00bb, <\/strong>espace d&rsquo;exposition la chapelle, \u00c9cole Sup\u00e9rieure des Beaux Arts, Coproduction Papier Peint et&nbsp;\u00c9cole Sup\u00e9rieure des Beaux Arts, Cherbourg, 1992.<\/p>\n\n\n\n<p><strong>UNE EXPOSITION DANS MA BO\u00ceTE AUX LETTRES <\/strong>Exposition de la collection du Fonds Municipal de peinture, photographie, mail art aux habitants dans le cadre des Arts au Soleil, \u00c9queurdreville, juillet-ao\u00fbt 1992.<\/p>\n\n\n\n<p><strong>\u00c9TAT DES LIEUX <\/strong>Congr\u00e8s des galeries associatives, dessins, palais des congr\u00e8s, Amiens, avril 1992.<\/p>\n\n\n\n<p><strong>CIRCULEZ Y&rsquo;A RIEN&nbsp;\u00c0 VOIR<\/strong> R\u00e9sidence, installation, Art\u00e9cole, invit\u00e9 par Gilbert Brassy et Yvelyne L\u00e9cuyer, H\u00e9rouville-Saint-Clair, 1992.<\/p>\n\n\n\n<p><strong>\u00c9DITIONS PAPIER PEINT <\/strong>\u00ab\u00a0Aronta\u00a0\u00bb, Ivan Messac et Marie-Laure Susini, Collection les Ordonnances, 1999. \u00ab\u00a0Caillots &amp; Lignes d\u00e9li\u00e9es\u00a0\u00bb, J.F.Bory, Collection les Ordonnances, 1998. \u00ab\u00a0Du fond de l\u2019abri\u00a0\u00bb, T. Weyd, coproduction \u00e9ditions Cactus, 1996. \u00ab\u00a0Michel Salsmann\u00a0\u00bb, Collectif (Domino, Lang, Schaeffer) co\u00e9dition FRAC Basse-Normandie, 1994. \u00ab\u00a0Ivan Messac, une mythographie\u00a0\u00bb, J.F.Bory, 1992. Christophe Robe, catalogue d&rsquo;exposition, Chambre \u00e0 coucher espace d&rsquo;exposition, texte de R\u00e9mi Breton, co\u00e9dition Cactus et Papier Peint, 1991.<\/p>\n\n\n\n<p><strong>L\u2019ART DANS LES VOILES <\/strong>Exposition collective, peinture sur voile de bateau, Saint-Vaast-La-Hougue, ao\u00fbt 1991.<\/p>\n\n\n\n<p><strong>OP\u00c9RATION 1000 AGGLOS <\/strong>Intervention in situ du groupe Papier Peint, installation d&rsquo;un jardin \u00e0 la fran\u00e7aise avec mille agglos, \u00c9cole Sup\u00e9rieure des Beaux Arts, invit\u00e9s par Claude Audouard, Cherbourg, avril 1991.<\/p>\n\n\n\n<p><strong>COLLAGES (DE PAPIER PEINT) <\/strong>Exposition personnelle du groupe Papier Peint, VVUPCALM, Caen, invit\u00e9 par David Dronet, mars 1991.<\/p>\n\n\n\n<p><strong>ASSISTANT D&rsquo;ARTISTE<\/strong>, pour Jo\u00ebl Hubaut, R\u00e9ville, 1990 1992.<\/p>\n\n\n\n<p><strong>10 CHAMBRES \u00c0 COUCHER (CAC) <\/strong>Cr\u00e9ation de la galerie associative Papier Peint avec 10 expositions d\u2019artistes invit\u00e9s dans la chambre \u00e0 coucher d\u2019un appartement priv\u00e9. 1990-1991.<\/p>\n\n\n\n<p><strong>POUSSI\u00c8RES DE BEAUBOURG (RECOLTE D&rsquo;AUTOMNE) <\/strong>Action avec un aspirateur musical \u00c9lectrolux \u00e0 tra\u00eeneau. Invit\u00e9 par Alain Snyers dans le cadre d&rsquo;une ouverture nocturne de l&rsquo;exposition \u00ab Art et publicit\u00e9 \u00bb, Centre Georges Pompidou, novembre 1990.<\/p>\n\n\n\n<p><strong>L\u2019EST O\u00d9 EST <\/strong>Exposition collective, Galerie Gal\u00e9a, Caen, janvier 1990.<\/p>\n\n\n\n<p><strong>ASPIRATEUR \u00c0 MUSIQUE <\/strong>Membre du grand orchestre \u00e9pid\u00e9mique de Jo\u00ebl Hubaut, joueur d&rsquo;aspirateurs, 1988-1990.<\/p>\n\n\n\n<p><strong>AURI SACRA FAMES <\/strong>Exposition personnelle du groupe Papier Peint, peinture de faux billets, peinture, collage, CA, Avranches, janvier 1989.<\/p>\n\n\n\n<p><strong>CR\u00c9ATION DE PAPIER PEINT <\/strong>Galerie associative, \u00e9ditions et duo d&rsquo;artistes avec R\u00e9mi Breton, 1989-2004.<\/p>\n\n\n\n<p><strong>MUS\u00c9E DU MONDE EN IC\u00d4NE <\/strong>Prospection d&rsquo;objets d&rsquo;art vivants, mus\u00e9e en valise, action nomade, 4 valises en circulation entre 1989 et 1995.<\/p>\n\n\n\n<p><strong>LE MASTER RUBIKS CUBE COMME SYST\u00c8ME DE MANIPULATION PO\u00c9TIQUE G\u00c9N\u00c9RATEUR DE SITUATIONS PHON\u00c9TIQUES DANS LE TEMPS <\/strong>Syst\u00e8me d&rsquo;\u00e9criture pour des actions de po\u00e9sie sonore, \u00e9dit\u00e9 par l&rsquo;Association Rencontres Art et Sciences, \u00c9cole d&rsquo;Art de Douai, <em>Vers cet int\u00e9rieur sans visage<\/em>, 15.10 \u00c9ditions, 22 mars 1988.<\/p>\n\n\n\n<p><strong>FADA 88 <\/strong>Peinture, dessin, objets, installation, texte, exposition collective, le S\u00e9pulcre, Caen, janvier 1988.<\/p>\n\n\n\n<p><strong>THAON \/ NEW YORK <\/strong>Invit\u00e9 par Stephan Barron, dessins et images transmises pas fax, \u00e9glise de Thaon, Normandie, juin 1987.<strong><br><\/strong><\/p>\n","protected":false},"excerpt":{"rendered":"<p>Fac\u00e9tie du style Dans un monde qui bouge vite, parfois impr\u00e9visible, peut-on parler toujours de la m\u00eame chose, de la m\u00eame mani\u00e8re, et comment mettre en forme les signes en mouvement de son langage&nbsp;? Je ne sais pas le dire de mani\u00e8re uniforme. Ma d\u00e9marche dessine plut\u00f4t un zigzag multiprise qu\u2019une conduite lin\u00e9aire progressive. Elle &hellip; <a href=\"https:\/\/damienreynaud.fr\/?page_id=20\" class=\"more-link\">Continuer la lecture de <span class=\"screen-reader-text\">parcours<\/span><\/a><\/p>\n","protected":false},"author":1,"featured_media":0,"parent":0,"menu_order":0,"comment_status":"closed","ping_status":"closed","template":"","meta":{"footnotes":""},"_links":{"self":[{"href":"https:\/\/damienreynaud.fr\/index.php?rest_route=\/wp\/v2\/pages\/20"}],"collection":[{"href":"https:\/\/damienreynaud.fr\/index.php?rest_route=\/wp\/v2\/pages"}],"about":[{"href":"https:\/\/damienreynaud.fr\/index.php?rest_route=\/wp\/v2\/types\/page"}],"author":[{"embeddable":true,"href":"https:\/\/damienreynaud.fr\/index.php?rest_route=\/wp\/v2\/users\/1"}],"replies":[{"embeddable":true,"href":"https:\/\/damienreynaud.fr\/index.php?rest_route=%2Fwp%2Fv2%2Fcomments&post=20"}],"version-history":[{"count":53,"href":"https:\/\/damienreynaud.fr\/index.php?rest_route=\/wp\/v2\/pages\/20\/revisions"}],"predecessor-version":[{"id":1632,"href":"https:\/\/damienreynaud.fr\/index.php?rest_route=\/wp\/v2\/pages\/20\/revisions\/1632"}],"wp:attachment":[{"href":"https:\/\/damienreynaud.fr\/index.php?rest_route=%2Fwp%2Fv2%2Fmedia&parent=20"}],"curies":[{"name":"wp","href":"https:\/\/api.w.org\/{rel}","templated":true}]}}